{"id":2367,"date":"2020-04-02T10:07:23","date_gmt":"2020-04-02T08:07:23","guid":{"rendered":"http:\/\/www.fondru.md\/politica-de-confidentialitate-2\/"},"modified":"2020-04-10T14:57:57","modified_gmt":"2020-04-10T12:57:57","slug":"politica-de-confidentialitate-2","status":"publish","type":"page","link":"https:\/\/fondru.md\/ru\/politica-de-confidentialitate-2\/","title":{"rendered":"Politic\u0103 de Confiden\u021bialitate"},"content":{"rendered":"<p>Aplicabilitate<br \/>\nAceast\u0103 Politic\u0103 de Confiden\u021bialitate explic\u0103 modul \u00een care colect\u0103m, utiliz\u0103m \u0219i \u00een orice alt fel prelucr\u0103m datele dvs. cu caracter personal \u00een cadrul desf\u0103\u0219ur\u0103rii activit\u0103\u021bii noastre, atunci c\u00e2nd colabora\u021bi cu noi indiferent de rolul dvs., participa\u021bi la campaniile noastre sau sunte\u021bi beneficiarii acestora.<br \/>\nAceast\u0103 Politic\u0103 de Confiden\u021bialitate vizeaz\u0103 \u0219i se adreseaz\u0103 urm\u0103toarelor categorii de persoane:<br \/>\na)    Donatori, voluntari \u0219i al\u021bi parteneri ai Funda\u021biei<br \/>\nAceast\u0103 categorie se refer\u0103 la partenerii Funda\u021biei care:<br \/>\n\u2022    sus\u021bin \u00een nume propriu \u00een calitate de donatori, voluntari sau jura\u021bi activitatea Funda\u021biei prin implicarea \u00een campaniile pe care aceasta le desf\u0103\u0219oar\u0103<br \/>\n\u2022    sunt reprezentan\u021bii partenerilor contractuali cu care Funda\u021bia a avut sau are \u00een continuare o rela\u021bie contractual\u0103 pentru implementarea activit\u0103\u021bii acesteia \u0219i a campaniilor pe care le deruleaz\u0103<br \/>\nb)    Beneficiari ai campaniilor desf\u0103\u0219urate de Funda\u021bia:<br \/>\nAceast\u0103 categorie se refer\u0103 la persoane fizice (adul\u021bi \u0219i minori) care beneficiaz\u0103 de serviciile \u0219i produsele rezultate \u00een urma campaniilor pe care Funda\u021bia le desf\u0103\u0219oar\u0103 ca parte a activit\u0103\u021bii sale \u2013 e.g. beneficiarii proiectelor finan\u021bate de Funda\u021bia, beneficiarii campaniilor individuale de dona\u021bii, etc..<br \/>\nc)    Candida\u021bi \u0219i angaja\u021bi ai Funda\u021biei<br \/>\nAceast\u0103 categorie se refer\u0103 la persoanele fizice care candideaz\u0103 pentru ocuparea unui loc de munc\u0103 \u00een cadrul Funda\u021biei precum \u0219i la persoanele fizice cu care Funda\u021bia are sau a avut o rela\u021bie individual\u0103 de munc\u0103.<br \/>\nCine suntem?<br \/>\nSuntem Funda\u021bia \u201eRenato Usat\u00ee\u00ee\u201d, care a fost creat\u0103 \u00een scopul sus\u021binerii ini\u021biativelor locale din ora\u0219ele \u0219i satele din Republica Moldovei, dezvolt\u0103rii infrastructurii regionale at\u00e2t \u00een regiunile nordice ale \u021b\u0103rii, c\u00e2t \u0219i pe teritoriul republicii, acord\u0103rii ajutorului institu\u021biilor \u0219i organiza\u021biilor cu orientare social\u0103.<br \/>\n\u00cen aceast\u0103 Politic\u0103 de Confiden\u021bialitate:<br \/>\n\u2022    Funda\u021bia \u201eRenato Usat\u00ee\u00ee\u201d\/ noi \u201d \u00eenseamn\u0103 Funda\u021bia \u201eRenato Usat\u00ee\u00ee\u201d;<br \/>\n\u2022    \u201edate personale\u201d sunt datele cu caracter personal astfel cum sunt definite \u00een legisla\u021bia european\u0103 \u0219i na\u021bional\u0103 \u00een materie \u0219i sunt informa\u021bii care vizeaz\u0103 o persoan\u0103 ce poate fi identificat\u0103 prin aceste date, prin coroborare sau nu cu alte informa\u021bii.<br \/>\nExemple uzuale de date cu caracter personal prelucrate de c\u0103tre Funda\u021bia \u201eRenato Usat\u00ee\u00ee\u201d in timpul opera\u021biunilor zilnice includ nume, adrese, numere de telefon precum \u0219i alte detalii de contact.<br \/>\nSediul nostru juridic: Moldova, mun. B\u0103l\u021bi, str. Independen\u021bei, 108\/1, ap.56<\/p>\n<p>Cum ne pute\u021bi contacta?<br \/>\nOpinia dvs. este important\u0103 pentru noi \u2013 dac\u0103 ave\u021bi orice \u00eentreb\u0103ri cu privire la Politica noastr\u0103 de Confiden\u021bialitate pute\u021bi:<br \/>\n\u2022    s\u0103 ne trimite\u021bi un e-mail la adresa info.fondru@gmail.com;<br \/>\n\u2022    s\u0103 ne contacta\u021bi utiliz\u00e2nd num\u0103rul nostru (+373) 76 744 744;<br \/>\n\u2022    s\u0103 depune\u021bi o cerere scris\u0103 la sediul nostru.<br \/>\nPrincipiile noastre<br \/>\nFunda\u021bia \u201eRenato Usat\u00ee\u00ee\u201d \u0219i implicit noi, ne-am luat angajamentul s\u0103 v\u0103 respect\u0103m via\u021ba privat\u0103. Trat\u0103m cu seriozitate via\u021ba privat\u0103, securitatea \u0219i conformarea cu legisla\u021bia privind protec\u021bia datelor cu caracter personal. Scopul nostru este s\u0103 ne asigur\u0103m c\u0103 aceste angajamente \u00een stau la baza a tot ceea ce facem.<br \/>\nElemente de baz\u0103<br \/>\nCe date cu caracter personal prelucr\u0103m?<br \/>\nCategoriile de date cu caracter personal pe care le prelucr\u0103m difer\u0103 \u00een func\u021bie de rela\u021bia dvs. cu noi precum \u0219i de modul \u00een care interac\u021biona\u021bi sau a\u021bi interac\u021bionat cu  Funda\u021bia \u201eRenato Usat\u00ee\u00ee\u201d<br \/>\nMai jos este prezentat\u0103 o list\u0103 general\u0103 a acestor categorii, cu men\u021biunea c\u0103 listele aplicabile pentru fiecare categorie de persoane care interac\u021bioneaz\u0103 cu  Funda\u021bia \u201eRenato Usat\u00ee\u00ee\u201d este detaliat\u0103 \u00een sec\u021biunile urm\u0103toare:<br \/>\na)    Date de identificare, spre exemplu: numele, prenumele, adresa, copia documentului de identitate \u0219i semn\u0103tura dvs.; sau<br \/>\nb)    Date de contact, spre exemplu, num\u0103rul dvs. de telefon \u0219i\/sau mobil, \u0219i adresa dvs. de e-mail sau de domiciliu, dup\u0103 caz;<br \/>\nc)    Date financiare, spre exemplu, venitul dvs., informa\u021bii cu privire la contul dvs. bancar;<br \/>\nd)    Date privind calific\u0103rile, spre exemplu, educa\u021bia, profesia sau ocupa\u021bia, CV-ul \u0219i experien\u021ba profesional\u0103;<br \/>\ne)    Date colectate de cookie-uri \u0219i tehnologii similare.<br \/>\nf)    Date de s\u0103n\u0103tate &#8211; respectiv datele din certificatele medicale ce atest\u0103 tipul \u0219i gradul dizabilit\u0103\u021bilor dvs. necesare pentru a v\u0103 implica \u0219i pentru a fi beneficiarul campaniilor desf\u0103\u0219urate de Funda\u021bia \u201eRenato Usat\u00ee\u00ee\u201d sau datele necesare pentru angajarea dvs. \u00een cadrul Funda\u021biei. <\/p>\n<p>De unde ob\u021binem datele dvs.?<br \/>\nVom colecta datele dvs. cu caracter personal:<br \/>\na)    Direct de la dvs., respectiv c\u00e2nd ne comunica\u021bi \u00een mod direct informa\u021biile (ex. prin completarea unui formular) sau prin interac\u021biunea dvs. cu reprezentan\u021bii no\u0219tri.<br \/>\nSpre exemplu, vom ob\u021bine informa\u021biile dvs. cu caracter personal atunci c\u00e2nd: (i) v\u0103 \u00eenscrie\u021bi pentru jurizarea unei campanii desf\u0103\u0219urate de Funda\u021bia, (ii) aplica\u021bi pentru a beneficia de programele noastre, (iii) aplica\u021bi pentru o pozi\u021bie \u00een cadrul Funda\u021biei sau (iv) ne contacta\u021bi prin diverse canale, sau solicita\u021bi informa\u021bii cu privire la campaniile \u0219i evenimentele desf\u0103\u0219urate de Funda\u021bia.<br \/>\nAtunci c\u00e2nd primim datele direct de la dvs. vom considera c\u0103 acestea sunt reale, corecte, complete \u0219i c\u0103 v\u0103 apar\u021bin sau, dup\u0103 caz, ave\u021bi dreptul s\u0103 le utiliza\u021bi. Vom depune toate eforturile s\u0103 ne asigur\u0103m c\u0103 datele sunt reale, corecte \u0219i c\u0103 v\u0103 apar\u021bin iar \u00een situa\u021bia \u00een care vor exista suspiciuni c\u0103 ne transmite\u021bi date incorecte, incomplete sau c\u0103 folosi\u021bi datele altei persoane f\u0103r\u0103 autorizare, vom lua m\u0103suri pentru remedierea sau \u00eencetarea acestei situa\u021bii. De exemplu, m\u0103surile pot consta \u00een: actualizarea, completarea sau \u0219tergerea datelor, limitarea accesului la datele utilizate nelegal \u2013 inclusiv \u0219tergerea conturilor asociate unor date care nu v\u0103 apar\u021bin. De asemenea, vom considera c\u0103 datele colectate direct de la dvs. sunt actuale at\u00e2t timp c\u00e2t nu a\u021bi solicitat modificarea lor prin canalele de comunicare men\u021bionate sau nu a\u021bi actualizat personal datele.<br \/>\nb)    Alte surse dec\u00e2t dvs., respectiv date ob\u021binute din surse externe.<br \/>\nSursele externe din care putem ob\u021bine datele dvs. includ:<br \/>\n\u2022    Surse publice, spre exemplu, site-uri web sau pagini de socializare, baze de date publice (inclusiv baza de date a Registrului Comer\u021bului, baza de date a Ministerului de Finan\u021be, Monitorul Oficial, portaluri ale instan\u021belor de judecat\u0103 etc.);<br \/>\n\u2022    Ter\u021be entit\u0103\u021bi private, spre exemplu, (i) parteneri Funda\u021biei (asocia\u021bii \u0219i funda\u021bii sau alte entit\u0103\u021bi \u00een care sunte\u021bi \u00eenscri\u0219i ca voluntari, beneficiari sau la care sunte\u021bi angaja\u021bi), (ii) furnizorii sau contractan\u021bii no\u0219tri (inclusiv prestatori de bunuri sau servicii);<br \/>\n\u2022    Autorit\u0103\u021bi sau institu\u021bii publice, spre exemplu, \u00een contextul unor investiga\u021bii judiciare, solicit\u0103ri ale instan\u021belor de judecat\u0103 (caz \u00een care acestea pot dezv\u0103lui anumite informa\u021bii despre dvs.).<br \/>\nDac\u0103 sunte\u021bi un donator, voluntar sau alt partener al Funda\u021biei<br \/>\nVom prelucra urm\u0103toarele date cu caracter personal:<br \/>\na)    Date de Identificare &#8211; numele, prenumele, iar \u00een func\u021bie de activitatea pe care o ve\u021bi desf\u0103\u0219ura vom putea prelucra \u0219i informa\u021bii privind adresa, copia documentului de identitate \u0219i semn\u0103tura dvs dup\u0103 caz;<br \/>\nb)    Date de Contact &#8211; num\u0103rul dvs. de telefon \u0219i\/sau mobil, \u0219i adresa dvs. de e-mail, dup\u0103 caz;<br \/>\nc)    Date colectate de cookie-uri \u0219i tehnologii similare aferente platformelor web administrate de Funda\u021bia \u201eRenato Usat\u00ee\u00ee\u201d pe care le vizita\u021bi.<br \/>\nd)    Imaginea Dvs \u2013 fotografii, imagini video dup\u0103 caz;<br \/>\ne)    Date privind experien\u021ba Dvs. profesional\u0103 &#8211; respectiv datele din CV-ul dvs. sau alte calific\u0103ri, numai \u00een m\u0103sura \u00een care ve\u021bi desf\u0103\u0219ura o activitate sprijinit\u0103 de Funda\u021bia \u201eRenato Usat\u00ee\u00ee\u201d sau pentru aceasta (e.g. ve\u021bi face parte din Consiliul de Administra\u021bie).<br \/>\nVom folosi datele dvs. cu caracter personal \u00een urm\u0103toarele scopuri:<br \/>\nVerific\u0103ri de eligibilitate \u00cenainte de implicarea dvs. \u00een proiectul derulat de Funda\u021bia \u201eRenato Usat\u00ee\u00ee\u201d \u0219i \u00een func\u021bie de specificul activit\u0103\u021bii care urmeaz\u0103 a fi derulat\u0103, e posibil s\u0103 efectu\u0103m anumite verific\u0103ri pentru a determina dac\u0103 sunte\u021bi eligibil pentru implicarea dvs. \u00een respectiva activitate, dup\u0103 cum urmeaz\u0103:<br \/>\n\u25aa \u00een cazul voluntarilor sau partenerilor care vor fi implica\u021bi \u00een proiectele derulate de Funda\u021bia, va putea fi necesar\u0103 verificarea CV-ului dvs. pentru a verifica dac\u0103 ave\u021bi competen\u021bele necesare respectivului proiect;<br \/>\nTemei juridic:<br \/>\n\u2022    \u00eencheierea \u0219i executarea contractului cu dvs.;<br \/>\n\u2022    conformarea cu obliga\u021biile noastre legale;<br \/>\n\u2022    interesul legitim al Funda\u021biei de a verifica \u00eendeplinirea criteriilor necesare pentru implicarea dvs. \u00een derularea proiectelor Funda\u021biei<br \/>\nImplementarea activit\u0103\u021bilor derulate de Funda\u021bia \u201eRenato Usat\u00ee\u00ee\u201d\u2013 proiecte, campanii<br \/>\n\u00cen func\u021bie de implicarea dvs. \u00een proiectele Funda\u021biei, vom prelucra datele dvs. cu caracter personal dup\u0103 cum urmeaz\u0103:<br \/>\n\u25aa \u00een cazul voluntarilor sau partenerilor care vor fi implica\u021bi \u00een proiectele derulate de Funda\u021bia, datele dvs. personale vor fi  prelucrate pentru permiterea accesului pe platformele online pe care se deruleaz\u0103 respectivul proiect dar \u0219i pentru derularea \u0219i implementarea proiectului. Datele personale prelucrate \u00een acest scop sunt datele de contact, date privind cookie-urile si tehnologiile, datele de autentificare;<br \/>\n\u25aa \u00een cazul donatorilor implica\u021bi \u00een proiectele derulate de Funda\u021bia, datele dvs. personale vor fi prelucrate fi pentru permiterea accesului pe platformele \u00een care ve\u021bi putea efectua dona\u021biile sau dup\u0103 caz, pentru finalizarea dona\u021biilor \u0219i pentru comunicarea cu dvs. \u00een leg\u0103tur\u0103 cu acestea. Astfel, datele personale prelucrate pentru acest scop sunt datele de contact, datele de contact, date privind cookie-urile si tehnologiile, datele de autentificare;<br \/>\n\u25aa dac\u0103 sunte\u021bi persoan\u0103 de contact sau reprezentant legal al unei persoane juridice partenere Funda\u021biei, vom prelucra datele dvs. de identificare (de exemplu, nume, prenume, ocupa\u021bie\/ func\u021bie, semn\u0103tur\u0103) \u00een cazul \u00een care avem nevoie s\u0103 semn\u0103m un contract cu dvs., iar dvs. ac\u021biona\u021bi \u00een calitate de parte semnatar\u0103. De asemenea, vom prelucra datele dvs. de contact (de exemplu, num\u0103rul dvs. de telefon \u0219i e-mailul) \u00een cazul \u00een care a\u021bi fost desemnat s\u0103 ac\u021biona\u021bi \u00een calitate de persoan\u0103 de contact a partenerului nostru, \u00een rela\u021bia cu noi \u0219i putem utiliza respectivele date pentru a v\u0103 contacta \u00een leg\u0103tur\u0103 cu orice probleme legate de rela\u021bia noastr\u0103 comercial\u0103 cu dvs. (e.g. procesarea pl\u0103\u021bilor, derularea contractului etc.).<br \/>\nPe baza acestor informa\u021bii, Funda\u021bia \u201eRenato Usat\u00ee\u00ee\u201d ar putea genera rapoarte de gestiune agregate \u0219i statistice care nu v\u0103 identific\u0103 \u00een mod individual. De asemenea, Funda\u021bia \u201eRenato Usat\u00ee\u00ee\u201d poate prelua aceste date personale \u0219i le poate anonimiza pentru a putea desf\u0103\u0219ura o analiz\u0103 mai aprofundat\u0103 a activit\u0103\u021bilor derulate.<br \/>\nTemei juridic:<br \/>\n\u2022    \u00eencheierea \u0219i executarea contractului cu dvs;<br \/>\n\u2022    conformarea cu obliga\u021biile noastre legale \u00een calitate de organiza\u021bie non-guvernamental\u0103;<br \/>\n\u2022    interesul legitim al Funda\u021biei  de a asigura implementarea \u00een bun\u0103 ordine a proiectelor \u00een care v-a\u021bi implicat;<br \/>\n\u2022    consim\u021b\u0103m\u00e2ntul dvs. pentru a v\u0103 contacta \u00een leg\u0103tur\u0103 cu activitatea Funda\u021biei \u0219i a implic\u0103rii dvs. \u00een proiectele organizate de noi. <\/p>\n<p>Marketing Comunic\u0103ri privind evenimentele organizate de Funda\u021bia \u201eRenato Usat\u00ee\u00ee\u201d<br \/>\nDorim s\u0103 utiliz\u0103m Datele dvs. de Contact pentru a v\u0103 \u021bine la curent cu privire la evenimentele \u0219i proiectele derulate de echipa Funda\u021biei.<br \/>\n\u00cen acest context, este posibil s\u0103 v\u0103 transmitem buletine informative privind activitatea noastr\u0103, evenimentele organizate de noi precum \u0219i proiectele pe care urmeaz\u0103 s\u0103 le implement\u0103m.<br \/>\nV\u0103 putem contacta prin:<br \/>\n\u2022    mijloace de comunicare electronic\u0103, precum e-mail sau telefon (apeluri cu operatori umani), \u0219i\/ sau<br \/>\n\u2022    po\u0219t\u0103 (servicii de coresponden\u021b\u0103 sau curierat).<br \/>\nTemei juridic:<br \/>\nne vom baza pe permisiunea dvs. de a primi astfel de comunic\u0103ri.<br \/>\nIncluderea \u00een materialele de promovare ale activit\u0103\u021bilor \u0219i proiectelor derulate de Funda\u021bia \u201eRenato Usat\u00ee\u00ee\u201d.  \u00cen vederea promov\u0103rii diferitelor evenimente organizate de Funda\u021bia \u201eRenato Usat\u00ee\u00ee\u201d \u0219i a implement\u0103rii diverselor proiecte derulate de aceasta, vom putea prelucra imaginea dvs. (foto sau video) \u0219i publicarea acesteia fie online fie \u00een materialele de promovare fizice \u2013 bro\u0219uri, bannere, etc.<br \/>\nTemei juridic: ne vom baza strict pe permisiunea dvs. pentru includerea dvs. \u00een astfel de materiale \u0219i ac\u021biuni ale Funda\u021biei. <\/p>\n<p>Conformarea cu cerin\u021be legale \u0219i de reglementare specifice<br \/>\nDe asemenea, vom prelucra \u0219i comunica datele dvs. cu caracter personal oric\u00e2nd este necesar pentru a ne conforma altor cerin\u021be de reglementare (na\u021bionale sau ale Uniunii Europene) aplicabile \u00een cazul nostru.<br \/>\nTemei juridic:<br \/>\n\u25aa conformarea cu obliga\u021biile legale sau<br \/>\n\u25aa interesul legitim al Funda\u021bie de a adresa \u0219i gestiona \u00een mod cerin\u021bele legale relevante aplicabile nou\u0103 (oric\u00e2nd respectiva cerin\u021b\u0103 legal\u0103 nu impune \u00een mod direct prelucrarea de c\u0103tre Funda\u021bia \u201eRenato Usat\u00ee\u00ee\u201d a datelor cu caracter personal, dar realizarea obiectivului implic\u0103 prelucrarea datelor dvs. cu caracter personal). <\/p>\n<p>Dac\u0103 sunte\u021bi beneficiarul unei campanii derulate de Funda\u021bia \u201eRenato Usat\u00ee\u00ee\u201d<br \/>\nVom folosi datele dvs. cu caracter personal \u00een urm\u0103toarele scopuri:<br \/>\nVerific\u0103ri de eligibilitate \u00cenainte de implicarea dvs. \u00een proiectul derulat de Funda\u021bia \u201eRenato Usat\u00ee\u00ee\u201d e posibil s\u0103 efectu\u0103m anumite verific\u0103ri pentru a verifica dac\u0103 sunte\u021bi eligibil pentru a fi beneficiar al campaniilor derulate de noi, dup\u0103 cum urmeaz\u0103:<br \/>\n\u25aa \u00een cazul proiectelor individuale, vom putea verifica documentele justificative pe care ni le ve\u021bi pune la dispozi\u021bie, inclusiv documente care atest\u0103 starea dvs. de s\u0103n\u0103tate, \u00een baza c\u0103rora solicita\u021bi sprijinul Funda\u021biei;<br \/>\n\u25aa \u00een cazul celorlalte proiecte derulate de Funda\u021bia \u201eRenato Usat\u00ee\u00ee\u201d vom putea prelucra \u00een func\u021bie de specificul acestora \u0219i alte date cu caracter personal necesare pentru implicarea dvs. \u00een respectivul proiect \u2013 e.g. date privind adresa, veniturile dvs. etc.<br \/>\nTemei juridic:<br \/>\n\u2022    \u00eencheierea \u0219i executarea contractului cu dvs;<br \/>\n\u2022    conformarea cu obliga\u021biile noastre legale;<br \/>\n\u2022    interesul legitim al Funda\u021bie de a verifica \u00eendeplinirea criteriilor necesare pentru implicarea dvs. \u00een derularea proiectelor Funda\u021biei <\/p>\n<p>Implementarea activit\u0103\u021bilor derulate de Funda\u021bia \u201eRenato Usat\u00ee\u00ee\u201d\u2013 proiecte, campanii<br \/>\n\u00cen func\u021bie de rolul dvs. \u00een proiectele Funda\u021biei, vom prelucra datele dvs. cu caracter personal dup\u0103 cum urmeaz\u0103:<br \/>\n\u25aa \u00een cazul proiectelor individuale derulate de Funda\u021bia, vom utiliza datele de contact ale dvs. precum \u0219i datele financiare \u00een vederea derul\u0103rii campaniei de str\u00e2ngere de fonduri;<br \/>\n\u25aa \u00een cazul derul\u0103rii anumitor campanii \/ proiecte de c\u0103tre Funda\u021bia, vom putea publica o serie de date personale limitate despre dvs. pe platformele on-line, necesare derul\u0103rii campaniei<br \/>\n\u25aa \u00een func\u021bie de specificul campaniei \/ proiectului derulat de Funda\u021bia, vom putea pune la dispozi\u021bia partenerilor no\u0219tri datele dvs. personale limitate, necesare pentru implementarea proiectului \u2013 e.g. date de identificare, date de contact.<br \/>\nPe baza acestor informa\u021bii, Funda\u021bia \u201eRenato Usat\u00ee\u00ee\u201d ar putea de asemenea genera rapoarte de gestiune agregate \u0219i statistice care nu v\u0103 identific\u0103 \u00een mod individual. De asemenea, Funda\u021bia \u201eRenato Usat\u00ee\u00ee\u201d poate prelua aceste date cu caracter personal \u0219i le poate anonimiza pentru a putea desf\u0103\u0219ura o analiz\u0103 mai aprofundat\u0103 a activit\u0103\u021bilor derulate.<br \/>\nTemei juridic:<br \/>\n\u2022    \u00eencheierea \u0219i executarea contractului cu dvs;<br \/>\n\u2022    conformarea cu obliga\u021biile noastre legale \u00een calitate de organiza\u021bie non-guvernamental\u0103;<br \/>\n\u2022    interesul legitim al Funda\u021biei de a asigura implementarea \u00een bun\u0103 ordine a proiectelor \u00een care v-a\u021bi implicat;<br \/>\n\u2022    consim\u021b\u0103m\u00e2ntul dvs. pentru a v\u0103 contacta \u00een leg\u0103tur\u0103 cu activitatea Funda\u021biei \u0219i a implic\u0103rii dvs. \u00een proiectele organizate de noi. <\/p>\n<p>Conformarea cu cerin\u021be legale \u0219i de reglementare specifice<br \/>\nDe asemenea, vom prelucra \u0219i comunica datele dvs. cu caracter personal oric\u00e2nd este necesar pentru a ne conforma altor cerin\u021be de reglementare (na\u021bionale sau ale Uniunii Europene) aplicabile \u00een cazul nostru. <\/p>\n<p>Temei juridic:<br \/>\n\u25aa conformarea cu obliga\u021biile legale sau<br \/>\n\u25aa interesul legitim al Funda\u021biei de a adresa \u0219i gestiona \u00een mod cerin\u021bele legale relevante aplicabile<br \/>\nP\u0103strarea \u0219i stocarea datelor dvs. cu caracter personal<br \/>\nFunda\u021bia \u201eRenato Usat\u00ee\u00ee\u201d a implementat politici \u0219i reguli privind p\u0103strarea datelor cu caracter personal, care s\u0103 respecte principiile de reten\u021bie a datelor prev\u0103zute de legisla\u021bia privind protec\u021bia datelor cu caracter personal. Termenele de p\u0103strare sunt revizuite \u00een mod periodic.<br \/>\n \u00cen general, vom p\u0103stra datele dvs. cu caracter personal<br \/>\n(1) pentru durata contractului cu noi sau a perioadei de derulare a proiectului \u00een care sunte\u021bi implicat, plus o perioad\u0103 rezonabil\u0103 (\u00een func\u021bie de circumstan\u021be) sau<br \/>\n(2) pe durata prev\u0103zut\u0103 de lege sau stabilit\u0103 de o autoritate public\u0103, \u00een condi\u021biile legii, sau<br \/>\n(3) \u00een cazul unor dispute sau litigii, p\u00e2n\u0103 la \u00eenchiderea acestora, plus o perioad\u0103 rezonabil\u0103 (\u00een func\u021bie de circumstan\u021be). Dup\u0103 expirarea acestei perioade, datele cu caracter personal for fi distruse, \u0219terse sau anonimizate \u00een mod ireversibil (dup\u0103 cum este cazul).<br \/>\nP\u0103strarea \u00een siguran\u021b\u0103 a datelor dvs. cu caracter personal<br \/>\nFunda\u021bia \u201eRenato Usat\u00ee\u00ee\u201d revizuie\u0219te \u0219i \u00eembun\u0103t\u0103\u021be\u0219te, \u00een mod constant, m\u0103surile de protec\u021bie a datelor dvs. cu caracter personal \u00eempotriva accesului neautorizat, pierderii accidentale, dezv\u0103luirii sau distrugerii. Site-ul nostru poate furniza link-uri c\u0103tre site-urile unor ter\u021bi.<br \/>\nFunda\u021bia \u201eRenato Usat\u00ee\u00ee\u201d nu \u00ee\u0219i asum\u0103 r\u0103spunderea pentru securitatea \u0219i con\u021binutul acestor site-uri ale ter\u021bilor. De aceea, asigura\u021bi-v\u0103 c\u0103 a\u021bi citit politicile respectivei companii cu privire la confiden\u021bialitate \u0219i utilizarea cookie-urilor \u00eenainte de a utiliza site-ul acesteia sau de a introduce datele dvs. personale pe respectivul site. <\/p>\n<p>Drepturile dvs.<br \/>\nDreptul de rectificare a datelor cu caracter personal<br \/>\nAve\u021bi dreptul de a rectifica datele de\u021binute \u00een leg\u0103tur\u0103 cu dvs., dac\u0103 acestea nu sunt corecte. Dac\u0103 datele pe care le de\u021binem cu privire la dvs. trebuie actualizate sau \u00een cazul \u00een care considera\u021bi c\u0103 acestea pot fi incorecte, v\u0103 rug\u0103m sa ne contacta\u021bi folosind datele de contact.<br \/>\nDreptul de acces la datele cu caracter personal<br \/>\nPute\u021bi ob\u021bine de la noi confirmarea c\u0103 prelucr\u0103m datele dvs. cu caracter personal, precum \u0219i informa\u021bii privind specificul prelucr\u0103rii cum ar fi: scopul, categoriile de date cu caracter personal prelucrate, destinatarii datelor, perioada pentru care datele sunt p\u0103strate, existen\u021ba dreptului de rectificare, \u0219tergere sau restric\u021bionare a prelucr\u0103rii. Ave\u021bi dreptul de a solicita o copie a datelor cu caracter personal pe care le de\u021bine Funda\u021bia \u201eRenato Usat\u00ee\u00ee\u201d \u00een leg\u0103tur\u0103 cu dvs.. Pentru a face aceast\u0103 cerere \u00een calitate de persoan\u0103 fizic\u0103 sau ter\u021b\u0103 parte autorizat\u0103, v\u0103 rug\u0103m sa ne contacta\u021bi folosind datele de contact. <\/p>\n<p>Dreptul la portabilitatea datelor<br \/>\nAve\u021bi dreptul s\u0103 primi\u021bi datele personale referitoare la dvs. pe care ni le-a\u021bi furnizat, \u00eentr-un format structurat, frecvent utilizat \u0219i care poate fi citit sau s\u0103 transmis unui alt operator de date. Pentru aceasta, v\u0103 rug\u0103m s\u0103 ne contacta\u021bi folosind datele de contact.<br \/>\nDreptul de a restric\u021biona utilizarea datelor dvs. cu caracter personal<br \/>\n\u00cen cazul \u00een care considera\u021bi c\u0103 datele pe care le de\u021binem cu privire la dvs. sunt incorecte sau considera\u021bi c\u0103 nu ar trebui s\u0103 prelucr\u0103m datele dvs., v\u0103 rug\u0103m s\u0103 contacta\u021bi folosind datele de contact.<\/p>\n<p>Dreptul de \u0219tergere<br \/>\nFunda\u021bia \u201eRenato Usat\u00ee\u00ee\u201d se str\u0103duie\u0219te s\u0103 prelucreze \u0219i s\u0103 p\u0103streze datele dvs. doar at\u00e2t timp c\u00e2t acest lucru este necesar. \u00cen anumite circumstan\u021be, ave\u021bi dreptul de a ne solicita s\u0103 \u0219tergem datele cu caracter personal pe care le de\u021binem \u00een leg\u0103tur\u0103 cu dvs.. \u00cen cazul \u00een care considera\u021bi c\u0103 v\u0103 p\u0103str\u0103m datele mai mult dec\u00e2t este necesar, ar fi bine s\u0103 v\u0103 rug\u0103m s\u0103 contacta\u021bi folosind datele de contact.<br \/>\nDe\u0219i eventualul contract \u00eencheiat cu dvs. a \u00eencetat, este posibil s\u0103 avem \u00een continuare temeiuri legale pentru prelucrarea datelor dvs. cu caracter personal.<br \/>\nVom face toate eforturile pentru a v\u0103 ajuta, dar dac\u0103 ave\u021bi \u00een continuare nemul\u021bumiri, pute\u021bi contacta Centrul Na\u021bional pentru Protec\u021bia Datelor cu Caracter Personal al Republicii Moldova Datele de contact se g\u0103sesc la adresa https:\/\/datepersonale.md\/.<\/p>\n","protected":false},"excerpt":{"rendered":"<p>Aplicabilitate Aceast\u0103 Politic\u0103 de Confiden\u021bialitate explic\u0103 modul \u00een care colect\u0103m, utiliz\u0103m \u0219i \u00een orice alt fel prelucr\u0103m datele dvs. cu caracter personal \u00een cadrul desf\u0103\u0219ur\u0103rii activit\u0103\u021bii noastre, atunci c\u00e2nd colabora\u021bi cu noi indiferent de rolul dvs., participa\u021bi la campaniile noastre sau sunte\u021bi beneficiarii acestora. Aceast\u0103 Politic\u0103 de Confiden\u021bialitate vizeaz\u0103 \u0219i se adreseaz\u0103 urm\u0103toarelor categorii de [&hellip;]<\/p>\n","protected":false},"author":2,"featured_media":0,"parent":0,"menu_order":0,"comment_status":"closed","ping_status":"closed","template":"","meta":{"footnotes":""},"class_list":["post-2367","page","type-page","status-publish","hentry"],"yoast_head":"<!-- This site is optimized with the Yoast SEO plugin v27.4 - https:\/\/yoast.com\/product\/yoast-seo-wordpress\/ -->\n<title>Politic\u0103 de Confiden\u021bialitate - Funda\u021bia<\/title>\n<meta name=\"robots\" content=\"index, follow, max-snippet:-1, max-image-preview:large, max-video-preview:-1\" \/>\n<link rel=\"canonical\" href=\"https:\/\/fondru.md\/ru\/politica-de-confidentialitate-2\/\" \/>\n<meta property=\"og:locale\" content=\"ru_RU\" \/>\n<meta property=\"og:type\" content=\"article\" \/>\n<meta property=\"og:title\" content=\"Politic\u0103 de Confiden\u021bialitate - Funda\u021bia\" \/>\n<meta property=\"og:description\" content=\"Aplicabilitate Aceast\u0103 Politic\u0103 de Confiden\u021bialitate explic\u0103 modul \u00een care colect\u0103m, utiliz\u0103m \u0219i \u00een orice alt fel prelucr\u0103m datele dvs. cu caracter personal \u00een cadrul desf\u0103\u0219ur\u0103rii activit\u0103\u021bii noastre, atunci c\u00e2nd colabora\u021bi cu noi indiferent de rolul dvs., participa\u021bi la campaniile noastre sau sunte\u021bi beneficiarii acestora. Aceast\u0103 Politic\u0103 de Confiden\u021bialitate vizeaz\u0103 \u0219i se adreseaz\u0103 urm\u0103toarelor categorii de [&hellip;]\" \/>\n<meta property=\"og:url\" content=\"https:\/\/fondru.md\/ru\/politica-de-confidentialitate-2\/\" \/>\n<meta property=\"og:site_name\" content=\"Funda\u021bia\" \/>\n<meta property=\"article:modified_time\" content=\"2020-04-10T12:57:57+00:00\" \/>\n<meta name=\"twitter:card\" content=\"summary_large_image\" \/>\n<meta name=\"twitter:label1\" content=\"\u041f\u0440\u0438\u043c\u0435\u0440\u043d\u043e\u0435 \u0432\u0440\u0435\u043c\u044f \u0434\u043b\u044f \u0447\u0442\u0435\u043d\u0438\u044f\" \/>\n\t<meta name=\"twitter:data1\" content=\"17 \u043c\u0438\u043d\u0443\u0442\" \/>\n<script type=\"application\/ld+json\" class=\"yoast-schema-graph\">{\"@context\":\"https:\\\/\\\/schema.org\",\"@graph\":[{\"@type\":\"WebPage\",\"@id\":\"https:\\\/\\\/fondru.md\\\/ru\\\/politica-de-confidentialitate-2\\\/\",\"url\":\"https:\\\/\\\/fondru.md\\\/ru\\\/politica-de-confidentialitate-2\\\/\",\"name\":\"Politic\u0103 de Confiden\u021bialitate - Funda\u021bia\",\"isPartOf\":{\"@id\":\"https:\\\/\\\/fondru.md\\\/#website\"},\"datePublished\":\"2020-04-02T08:07:23+00:00\",\"dateModified\":\"2020-04-10T12:57:57+00:00\",\"breadcrumb\":{\"@id\":\"https:\\\/\\\/fondru.md\\\/ru\\\/politica-de-confidentialitate-2\\\/#breadcrumb\"},\"inLanguage\":\"ru-RU\",\"potentialAction\":[{\"@type\":\"ReadAction\",\"target\":[\"https:\\\/\\\/fondru.md\\\/ru\\\/politica-de-confidentialitate-2\\\/\"]}]},{\"@type\":\"BreadcrumbList\",\"@id\":\"https:\\\/\\\/fondru.md\\\/ru\\\/politica-de-confidentialitate-2\\\/#breadcrumb\",\"itemListElement\":[{\"@type\":\"ListItem\",\"position\":1,\"name\":\"Prima pagin\u0103\",\"item\":\"https:\\\/\\\/fondru.md\\\/ru\\\/acasa\\\/\"},{\"@type\":\"ListItem\",\"position\":2,\"name\":\"Politic\u0103 de Confiden\u021bialitate\"}]},{\"@type\":\"WebSite\",\"@id\":\"https:\\\/\\\/fondru.md\\\/#website\",\"url\":\"https:\\\/\\\/fondru.md\\\/\",\"name\":\"Funda\u021bia - Renato Usat\u00eei\",\"description\":\"Renato Usat\u00eei\",\"publisher\":{\"@id\":\"https:\\\/\\\/fondru.md\\\/#organization\"},\"potentialAction\":[{\"@type\":\"SearchAction\",\"target\":{\"@type\":\"EntryPoint\",\"urlTemplate\":\"https:\\\/\\\/fondru.md\\\/?s={search_term_string}\"},\"query-input\":{\"@type\":\"PropertyValueSpecification\",\"valueRequired\":true,\"valueName\":\"search_term_string\"}}],\"inLanguage\":\"ru-RU\"},{\"@type\":\"Organization\",\"@id\":\"https:\\\/\\\/fondru.md\\\/#organization\",\"name\":\"Funda\u021bia - Renato Usat\u00eei\",\"url\":\"https:\\\/\\\/fondru.md\\\/\",\"logo\":{\"@type\":\"ImageObject\",\"inLanguage\":\"ru-RU\",\"@id\":\"https:\\\/\\\/fondru.md\\\/#\\\/schema\\\/logo\\\/image\\\/\",\"url\":\"https:\\\/\\\/fondru.md\\\/wp-content\\\/uploads\\\/2020\\\/04\\\/cropped-Favicon-FRU.png\",\"contentUrl\":\"https:\\\/\\\/fondru.md\\\/wp-content\\\/uploads\\\/2020\\\/04\\\/cropped-Favicon-FRU.png\",\"width\":512,\"height\":512,\"caption\":\"Funda\u021bia - Renato Usat\u00eei\"},\"image\":{\"@id\":\"https:\\\/\\\/fondru.md\\\/#\\\/schema\\\/logo\\\/image\\\/\"}}]}<\/script>\n<!-- \/ Yoast SEO plugin. -->","yoast_head_json":{"title":"Politic\u0103 de Confiden\u021bialitate - Funda\u021bia","robots":{"index":"index","follow":"follow","max-snippet":"max-snippet:-1","max-image-preview":"max-image-preview:large","max-video-preview":"max-video-preview:-1"},"canonical":"https:\/\/fondru.md\/ru\/politica-de-confidentialitate-2\/","og_locale":"ru_RU","og_type":"article","og_title":"Politic\u0103 de Confiden\u021bialitate - Funda\u021bia","og_description":"Aplicabilitate Aceast\u0103 Politic\u0103 de Confiden\u021bialitate explic\u0103 modul \u00een care colect\u0103m, utiliz\u0103m \u0219i \u00een orice alt fel prelucr\u0103m datele dvs. cu caracter personal \u00een cadrul desf\u0103\u0219ur\u0103rii activit\u0103\u021bii noastre, atunci c\u00e2nd colabora\u021bi cu noi indiferent de rolul dvs., participa\u021bi la campaniile noastre sau sunte\u021bi beneficiarii acestora. Aceast\u0103 Politic\u0103 de Confiden\u021bialitate vizeaz\u0103 \u0219i se adreseaz\u0103 urm\u0103toarelor categorii de [&hellip;]","og_url":"https:\/\/fondru.md\/ru\/politica-de-confidentialitate-2\/","og_site_name":"Funda\u021bia","article_modified_time":"2020-04-10T12:57:57+00:00","twitter_card":"summary_large_image","twitter_misc":{"\u041f\u0440\u0438\u043c\u0435\u0440\u043d\u043e\u0435 \u0432\u0440\u0435\u043c\u044f \u0434\u043b\u044f \u0447\u0442\u0435\u043d\u0438\u044f":"17 \u043c\u0438\u043d\u0443\u0442"},"schema":{"@context":"https:\/\/schema.org","@graph":[{"@type":"WebPage","@id":"https:\/\/fondru.md\/ru\/politica-de-confidentialitate-2\/","url":"https:\/\/fondru.md\/ru\/politica-de-confidentialitate-2\/","name":"Politic\u0103 de Confiden\u021bialitate - Funda\u021bia","isPartOf":{"@id":"https:\/\/fondru.md\/#website"},"datePublished":"2020-04-02T08:07:23+00:00","dateModified":"2020-04-10T12:57:57+00:00","breadcrumb":{"@id":"https:\/\/fondru.md\/ru\/politica-de-confidentialitate-2\/#breadcrumb"},"inLanguage":"ru-RU","potentialAction":[{"@type":"ReadAction","target":["https:\/\/fondru.md\/ru\/politica-de-confidentialitate-2\/"]}]},{"@type":"BreadcrumbList","@id":"https:\/\/fondru.md\/ru\/politica-de-confidentialitate-2\/#breadcrumb","itemListElement":[{"@type":"ListItem","position":1,"name":"Prima pagin\u0103","item":"https:\/\/fondru.md\/ru\/acasa\/"},{"@type":"ListItem","position":2,"name":"Politic\u0103 de Confiden\u021bialitate"}]},{"@type":"WebSite","@id":"https:\/\/fondru.md\/#website","url":"https:\/\/fondru.md\/","name":"Funda\u021bia - Renato Usat\u00eei","description":"Renato Usat\u00eei","publisher":{"@id":"https:\/\/fondru.md\/#organization"},"potentialAction":[{"@type":"SearchAction","target":{"@type":"EntryPoint","urlTemplate":"https:\/\/fondru.md\/?s={search_term_string}"},"query-input":{"@type":"PropertyValueSpecification","valueRequired":true,"valueName":"search_term_string"}}],"inLanguage":"ru-RU"},{"@type":"Organization","@id":"https:\/\/fondru.md\/#organization","name":"Funda\u021bia - Renato Usat\u00eei","url":"https:\/\/fondru.md\/","logo":{"@type":"ImageObject","inLanguage":"ru-RU","@id":"https:\/\/fondru.md\/#\/schema\/logo\/image\/","url":"https:\/\/fondru.md\/vohogod\/2020\/04\/cropped-Favicon-FRU.png","contentUrl":"https:\/\/fondru.md\/vohogod\/2020\/04\/cropped-Favicon-FRU.png","width":512,"height":512,"caption":"Funda\u021bia - Renato Usat\u00eei"},"image":{"@id":"https:\/\/fondru.md\/#\/schema\/logo\/image\/"}}]}},"_links":{"self":[{"href":"https:\/\/fondru.md\/ru\/wp-json\/wp\/v2\/pages\/2367","targetHints":{"allow":["GET"]}}],"collection":[{"href":"https:\/\/fondru.md\/ru\/wp-json\/wp\/v2\/pages"}],"about":[{"href":"https:\/\/fondru.md\/ru\/wp-json\/wp\/v2\/types\/page"}],"author":[{"embeddable":true,"href":"https:\/\/fondru.md\/ru\/wp-json\/wp\/v2\/users\/2"}],"replies":[{"embeddable":true,"href":"https:\/\/fondru.md\/ru\/wp-json\/wp\/v2\/comments?post=2367"}],"version-history":[{"count":1,"href":"https:\/\/fondru.md\/ru\/wp-json\/wp\/v2\/pages\/2367\/revisions"}],"predecessor-version":[{"id":2368,"href":"https:\/\/fondru.md\/ru\/wp-json\/wp\/v2\/pages\/2367\/revisions\/2368"}],"wp:attachment":[{"href":"https:\/\/fondru.md\/ru\/wp-json\/wp\/v2\/media?parent=2367"}],"curies":[{"name":"wp","href":"https:\/\/api.w.org\/{rel}","templated":true}]}}